{"id":2255,"date":"2024-10-16T09:29:19","date_gmt":"2024-10-16T09:29:19","guid":{"rendered":"https:\/\/arijaluxury.com\/unsere-wohnungen\/"},"modified":"2025-06-11T17:06:04","modified_gmt":"2025-06-11T17:06:04","slug":"unsere-wohnungen","status":"publish","type":"page","link":"https:\/\/arijaluxury.com\/de\/unsere-wohnungen\/","title":{"rendered":"Unsere Wohnungen"},"content":{"rendered":"\t\t<div data-elementor-type=\"wp-page\" data-elementor-id=\"2255\" class=\"elementor elementor-2255 elementor-119\" data-elementor-post-type=\"page\">\n\t\t\t\t<div class=\"elementor-element elementor-element-130c64e e-flex e-con-boxed e-con e-parent\" data-id=\"130c64e\" data-element_type=\"container\" data-e-type=\"container\" data-settings=\"{&quot;background_background&quot;:&quot;classic&quot;}\">\n\t\t\t\t\t<div class=\"e-con-inner\">\n\t\t\t\t<div class=\"elementor-element elementor-element-e60d8f6 elementor-widget elementor-widget-heading\" data-id=\"e60d8f6\" data-element_type=\"widget\" data-e-type=\"widget\" data-widget_type=\"heading.default\">\n\t\t\t\t<div class=\"elementor-widget-container\">\n\t\t\t\t\t<h2 class=\"elementor-heading-title elementor-size-default\">ENJOY<\/h2>\t\t\t\t<\/div>\n\t\t\t\t<\/div>\n\t\t\t\t<div class=\"elementor-element elementor-element-4aa376c elementor-widget elementor-widget-heading\" data-id=\"4aa376c\" data-element_type=\"widget\" data-e-type=\"widget\" data-widget_type=\"heading.default\">\n\t\t\t\t<div class=\"elementor-widget-container\">\n\t\t\t\t\t<h2 class=\"elementor-heading-title elementor-size-default\">Unsere Wohnungen<\/h2>\t\t\t\t<\/div>\n\t\t\t\t<\/div>\n\t\t\t\t\t<\/div>\n\t\t\t\t<\/div>\n\t\t<div class=\"elementor-element elementor-element-d81ce76 e-flex e-con-boxed e-con e-parent\" data-id=\"d81ce76\" data-element_type=\"container\" data-e-type=\"container\" data-settings=\"{&quot;background_background&quot;:&quot;classic&quot;}\">\n\t\t\t\t\t<div class=\"e-con-inner\">\n\t\t\t\t<div class=\"elementor-element elementor-element-e5c85fd elementor-widget elementor-widget-heading\" data-id=\"e5c85fd\" data-element_type=\"widget\" data-e-type=\"widget\" data-widget_type=\"heading.default\">\n\t\t\t\t<div class=\"elementor-widget-container\">\n\t\t\t\t\t<h2 class=\"elementor-heading-title elementor-size-default\">LUXUSWOHNUNGEN IN BENIDORM MIETEN<\/h2>\t\t\t\t<\/div>\n\t\t\t\t<\/div>\n\t\t\t\t<div class=\"elementor-element elementor-element-9cbdd4d elementor-widget elementor-widget-heading\" data-id=\"9cbdd4d\" data-element_type=\"widget\" data-e-type=\"widget\" data-widget_type=\"heading.default\">\n\t\t\t\t<div class=\"elementor-widget-container\">\n\t\t\t\t\t<h2 class=\"elementor-heading-title elementor-size-default\">Ein einzigartiges Urlaubserlebnis<\/h2>\t\t\t\t<\/div>\n\t\t\t\t<\/div>\n\t\t\t\t\t<\/div>\n\t\t\t\t<\/div>\n\t\t<div class=\"elementor-element elementor-element-7e6e111 e-flex e-con-boxed e-con e-parent\" data-id=\"7e6e111\" data-element_type=\"container\" data-e-type=\"container\" data-settings=\"{&quot;background_background&quot;:&quot;classic&quot;}\">\n\t\t\t\t\t<div class=\"e-con-inner\">\n\t\t<div class=\"elementor-element elementor-element-94fbd9b e-con-full e-flex e-con e-child\" data-id=\"94fbd9b\" data-element_type=\"container\" data-e-type=\"container\">\n\t\t\t\t<div class=\"elementor-element elementor-element-85e9c2b elementor-cta--skin-cover elementor-cta--valign-bottom elementor-animated-content elementor-bg-transform elementor-bg-transform-zoom-in elementor-widget elementor-widget-call-to-action\" data-id=\"85e9c2b\" data-element_type=\"widget\" data-e-type=\"widget\" data-widget_type=\"call-to-action.default\">\n\t\t\t\t<div class=\"elementor-widget-container\">\n\t\t\t\t\t\t\t<div class=\"elementor-cta\">\n\t\t\t\t\t<div class=\"elementor-cta__bg-wrapper\">\n\t\t\t\t<div class=\"elementor-cta__bg elementor-bg\" style=\"background-image: url(https:\/\/arijaluxury.com\/wp-content\/uploads\/2024\/10\/577861237-1024x678.jpg);\" role=\"img\" aria-label=\"577861237\"><\/div>\n\t\t\t\t<div class=\"elementor-cta__bg-overlay\"><\/div>\n\t\t\t<\/div>\n\t\t\t\t\t\t\t<div class=\"elementor-cta__content\">\n\t\t\t\t\n\t\t\t\t\t\t\t\t\t<h2 class=\"elementor-cta__title elementor-cta__content-item elementor-content-item elementor-animated-item--move-up\">\n\t\t\t\t\t\tPALM Old Town I\t\t\t\t\t<\/h2>\n\t\t\t\t\n\t\t\t\t\t\t\t\t\t<div class=\"elementor-cta__description elementor-cta__content-item elementor-content-item elementor-animated-item--move-up\">\n\t\t\t\t\t\tDas OASIS - PALM Old Town mit 1 Schlafzimmer befindet sich in Benidorm, 1 Minute zu Fu\u00df vom Levante-Strand und 200 Meter vom Zentrum entfernt, und bietet eine au\u00dfergew\u00f6hnliche Unterkunft.\t\t\t\t\t<\/div>\n\t\t\t\t\n\t\t\t\t\t\t\t\t\t<div class=\"elementor-cta__button-wrapper elementor-cta__content-item elementor-content-item elementor-animated-item--move-up\">\n\t\t\t\t\t<a class=\"elementor-cta__button elementor-button elementor-size-\" href=\"https:\/\/bookonline.pro\/es\/property\/392322\">\n\t\t\t\t\t\tDETAILS\t\t\t\t\t<\/a>\n\t\t\t\t\t<\/div>\n\t\t\t\t\t\t\t<\/div>\n\t\t\t\t\t\t\t<div class=\"elementor-ribbon\">\n\t\t\t\t<div class=\"elementor-ribbon-inner\">\n\t\t\t\t\tRESERVIEREN\t\t\t\t<\/div>\n\t\t\t<\/div>\n\t\t\t\t<\/div>\n\t\t\t\t\t\t<\/div>\n\t\t\t\t<\/div>\n\t\t\t\t<\/div>\n\t\t<div class=\"elementor-element elementor-element-ced1ad1 e-con-full e-flex e-con e-child\" data-id=\"ced1ad1\" data-element_type=\"container\" data-e-type=\"container\">\n\t\t\t\t<div class=\"elementor-element elementor-element-89dce1b elementor-cta--skin-cover elementor-cta--valign-bottom elementor-animated-content elementor-bg-transform elementor-bg-transform-zoom-in elementor-widget elementor-widget-call-to-action\" data-id=\"89dce1b\" data-element_type=\"widget\" data-e-type=\"widget\" data-widget_type=\"call-to-action.default\">\n\t\t\t\t<div class=\"elementor-widget-container\">\n\t\t\t\t\t\t\t<div class=\"elementor-cta\">\n\t\t\t\t\t<div class=\"elementor-cta__bg-wrapper\">\n\t\t\t\t<div class=\"elementor-cta__bg elementor-bg\" style=\"background-image: url(https:\/\/arijaluxury.com\/wp-content\/uploads\/2024\/10\/577861237-1024x678.jpg);\" role=\"img\" aria-label=\"577861237\"><\/div>\n\t\t\t\t<div class=\"elementor-cta__bg-overlay\"><\/div>\n\t\t\t<\/div>\n\t\t\t\t\t\t\t<div class=\"elementor-cta__content\">\n\t\t\t\t\n\t\t\t\t\t\t\t\t\t<h2 class=\"elementor-cta__title elementor-cta__content-item elementor-content-item elementor-animated-item--move-up\">\n\t\t\t\t\t\tPALM Old Town II\t\t\t\t\t<\/h2>\n\t\t\t\t\n\t\t\t\t\t\t\t\t\t<div class=\"elementor-cta__description elementor-cta__content-item elementor-content-item elementor-animated-item--move-up\">\n\t\t\t\t\t\tOASIS - PALM Old Town II verf\u00fcgt \u00fcber 2 Schlafzimmer und befindet sich in Benidorm, 1 Minute zu Fu\u00df vom Levante Strand in der N\u00e4he des Zentrums, und bietet eine au\u00dfergew\u00f6hnliche Unterkunft.\t\t\t\t\t<\/div>\n\t\t\t\t\n\t\t\t\t\t\t\t\t\t<div class=\"elementor-cta__button-wrapper elementor-cta__content-item elementor-content-item elementor-animated-item--move-up\">\n\t\t\t\t\t<a class=\"elementor-cta__button elementor-button elementor-size-\" href=\"https:\/\/bookonline.pro\/es\/property\/392361\">\n\t\t\t\t\t\tDETAILS\t\t\t\t\t<\/a>\n\t\t\t\t\t<\/div>\n\t\t\t\t\t\t\t<\/div>\n\t\t\t\t\t\t\t<div class=\"elementor-ribbon\">\n\t\t\t\t<div class=\"elementor-ribbon-inner\">\n\t\t\t\t\tRESERVIEREN\t\t\t\t<\/div>\n\t\t\t<\/div>\n\t\t\t\t<\/div>\n\t\t\t\t\t\t<\/div>\n\t\t\t\t<\/div>\n\t\t\t\t<\/div>\n\t\t<div class=\"elementor-element elementor-element-36b98ca e-con-full e-flex e-con e-child\" data-id=\"36b98ca\" data-element_type=\"container\" data-e-type=\"container\">\n\t\t\t\t<div class=\"elementor-element elementor-element-61fe168 elementor-cta--skin-cover elementor-cta--valign-bottom elementor-animated-content elementor-bg-transform elementor-bg-transform-zoom-in elementor-widget elementor-widget-call-to-action\" data-id=\"61fe168\" data-element_type=\"widget\" data-e-type=\"widget\" data-widget_type=\"call-to-action.default\">\n\t\t\t\t<div class=\"elementor-widget-container\">\n\t\t\t\t\t\t\t<div class=\"elementor-cta\">\n\t\t\t\t\t<div class=\"elementor-cta__bg-wrapper\">\n\t\t\t\t<div class=\"elementor-cta__bg elementor-bg\" style=\"background-image: url(https:\/\/arijaluxury.com\/wp-content\/uploads\/2024\/10\/Apt-Ricardo-040-1-scaled-1-1024x768.jpg);\" role=\"img\" aria-label=\"Apt-Ricardo-040-1-scaled\"><\/div>\n\t\t\t\t<div class=\"elementor-cta__bg-overlay\"><\/div>\n\t\t\t<\/div>\n\t\t\t\t\t\t\t<div class=\"elementor-cta__content\">\n\t\t\t\t\n\t\t\t\t\t\t\t\t\t<h2 class=\"elementor-cta__title elementor-cta__content-item elementor-content-item elementor-animated-item--move-up\">\n\t\t\t\t\t\tEdificio Ricardo\t\t\t\t\t<\/h2>\n\t\t\t\t\n\t\t\t\t\t\t\t\t\t<div class=\"elementor-cta__description elementor-cta__content-item elementor-content-item elementor-animated-item--move-up\">\n\t\t\t\t\t\tWillkommen im Apartamento Edificio Ricardo, Ihrer Oase der Ruhe und des Komforts im pulsierenden Herzen von Benidorm. Nur einen Steinwurf vom glitzernden Levante-Strand entfernt gelegen \t\t\t\t\t<\/div>\n\t\t\t\t\n\t\t\t\t\t\t\t\t\t<div class=\"elementor-cta__button-wrapper elementor-cta__content-item elementor-content-item elementor-animated-item--move-up\">\n\t\t\t\t\t<a class=\"elementor-cta__button elementor-button elementor-size-\" href=\"https:\/\/bookonline.pro\/es\/property\/392360\">\n\t\t\t\t\t\tDETAILS\t\t\t\t\t<\/a>\n\t\t\t\t\t<\/div>\n\t\t\t\t\t\t\t<\/div>\n\t\t\t\t\t\t\t<div class=\"elementor-ribbon\">\n\t\t\t\t<div class=\"elementor-ribbon-inner\">\n\t\t\t\t\tRESERVIEREN\t\t\t\t<\/div>\n\t\t\t<\/div>\n\t\t\t\t<\/div>\n\t\t\t\t\t\t<\/div>\n\t\t\t\t<\/div>\n\t\t\t\t<\/div>\n\t\t\t\t\t<\/div>\n\t\t\t\t<\/div>\n\t\t<div class=\"elementor-element elementor-element-c2f2742 e-flex e-con-boxed e-con e-parent\" data-id=\"c2f2742\" data-element_type=\"container\" data-e-type=\"container\" data-settings=\"{&quot;background_background&quot;:&quot;classic&quot;}\">\n\t\t\t\t\t<div class=\"e-con-inner\">\n\t\t<div class=\"elementor-element elementor-element-c7f843a e-con-full e-flex e-con e-child\" data-id=\"c7f843a\" data-element_type=\"container\" data-e-type=\"container\">\n\t\t\t\t<div class=\"elementor-element elementor-element-e08cb49 elementor-cta--skin-cover elementor-cta--valign-bottom elementor-animated-content elementor-bg-transform elementor-bg-transform-zoom-in elementor-widget elementor-widget-call-to-action\" data-id=\"e08cb49\" data-element_type=\"widget\" data-e-type=\"widget\" data-widget_type=\"call-to-action.default\">\n\t\t\t\t<div class=\"elementor-widget-container\">\n\t\t\t\t\t\t\t<div class=\"elementor-cta\">\n\t\t\t\t\t<div class=\"elementor-cta__bg-wrapper\">\n\t\t\t\t<div class=\"elementor-cta__bg elementor-bg\" style=\"background-image: url(https:\/\/arijaluxury.com\/wp-content\/uploads\/2024\/10\/577861237-1024x678.jpg);\" role=\"img\" aria-label=\"577861237\"><\/div>\n\t\t\t\t<div class=\"elementor-cta__bg-overlay\"><\/div>\n\t\t\t<\/div>\n\t\t\t\t\t\t\t<div class=\"elementor-cta__content\">\n\t\t\t\t\n\t\t\t\t\t\t\t\t\t<h2 class=\"elementor-cta__title elementor-cta__content-item elementor-content-item elementor-animated-item--move-up\">\n\t\t\t\t\t\tCostera del Barco\t\t\t\t\t<\/h2>\n\t\t\t\t\n\t\t\t\t\t\t\t\t\t<div class=\"elementor-cta__description elementor-cta__content-item elementor-content-item elementor-animated-item--move-up\">\n\t\t\t\t\t\tDas Apartamento Costera del Barco befindet sich im Zentrum von Benidorm und bietet Unterk\u00fcnfte mit Stadtblick, eine Terrasse und eine Bar. Dieses Apartment bietet Unterk\u00fcnfte mit einem Balkon. \t\t\t\t\t<\/div>\n\t\t\t\t\n\t\t\t\t\t\t\t\t\t<div class=\"elementor-cta__button-wrapper elementor-cta__content-item elementor-content-item elementor-animated-item--move-up\">\n\t\t\t\t\t<a class=\"elementor-cta__button elementor-button elementor-size-\" href=\"https:\/\/bookonline.pro\/es\/property\/392240\">\n\t\t\t\t\t\tDETAILS\t\t\t\t\t<\/a>\n\t\t\t\t\t<\/div>\n\t\t\t\t\t\t\t<\/div>\n\t\t\t\t\t\t\t<div class=\"elementor-ribbon\">\n\t\t\t\t<div class=\"elementor-ribbon-inner\">\n\t\t\t\t\tRESERVIEREN\t\t\t\t<\/div>\n\t\t\t<\/div>\n\t\t\t\t<\/div>\n\t\t\t\t\t\t<\/div>\n\t\t\t\t<\/div>\n\t\t\t\t<\/div>\n\t\t<div class=\"elementor-element elementor-element-47c5e26 e-con-full e-flex e-con e-child\" data-id=\"47c5e26\" data-element_type=\"container\" data-e-type=\"container\">\n\t\t\t\t<div class=\"elementor-element elementor-element-367e669 elementor-cta--skin-cover elementor-cta--valign-bottom elementor-animated-content elementor-bg-transform elementor-bg-transform-zoom-in elementor-widget elementor-widget-call-to-action\" data-id=\"367e669\" data-element_type=\"widget\" data-e-type=\"widget\" data-widget_type=\"call-to-action.default\">\n\t\t\t\t<div class=\"elementor-widget-container\">\n\t\t\t\t\t\t\t<div class=\"elementor-cta\">\n\t\t\t\t\t<div class=\"elementor-cta__bg-wrapper\">\n\t\t\t\t<div class=\"elementor-cta__bg elementor-bg\" style=\"background-image: url(https:\/\/arijaluxury.com\/wp-content\/uploads\/2024\/10\/Astoria-A-097-scaled-1-1024x769.jpg);\" role=\"img\" aria-label=\"Astoria-A-097-scaled\"><\/div>\n\t\t\t\t<div class=\"elementor-cta__bg-overlay\"><\/div>\n\t\t\t<\/div>\n\t\t\t\t\t\t\t<div class=\"elementor-cta__content\">\n\t\t\t\t\n\t\t\t\t\t\t\t\t\t<h2 class=\"elementor-cta__title elementor-cta__content-item elementor-content-item elementor-animated-item--move-up\">\n\t\t\t\t\t\tEdificio Astoria\t\t\t\t\t<\/h2>\n\t\t\t\t\n\t\t\t\t\t\t\t\t\t<div class=\"elementor-cta__description elementor-cta__content-item elementor-content-item elementor-animated-item--move-up\">\n\t\t\t\t\t\tNur wenige Schritte von den herrlichen Str\u00e4nden von Mal Pas und Levante entfernt, bietet Ihnen diese exklusive Wohnung einen Aufenthalt voller Luxus und Komfort. \t\t\t\t\t<\/div>\n\t\t\t\t\n\t\t\t\t\t\t\t\t\t<div class=\"elementor-cta__button-wrapper elementor-cta__content-item elementor-content-item elementor-animated-item--move-up\">\n\t\t\t\t\t<a class=\"elementor-cta__button elementor-button elementor-size-\" href=\"https:\/\/bookonline.pro\/es\/property\/392359\">\n\t\t\t\t\t\tDETAILS\t\t\t\t\t<\/a>\n\t\t\t\t\t<\/div>\n\t\t\t\t\t\t\t<\/div>\n\t\t\t\t\t\t\t<div class=\"elementor-ribbon\">\n\t\t\t\t<div class=\"elementor-ribbon-inner\">\n\t\t\t\t\tRESERVIEREN\t\t\t\t<\/div>\n\t\t\t<\/div>\n\t\t\t\t<\/div>\n\t\t\t\t\t\t<\/div>\n\t\t\t\t<\/div>\n\t\t\t\t<\/div>\n\t\t\t\t\t<\/div>\n\t\t\t\t<\/div>\n\t\t<div class=\"elementor-element elementor-element-d4015f7 e-flex e-con-boxed e-con e-parent\" data-id=\"d4015f7\" data-element_type=\"container\" data-e-type=\"container\" data-settings=\"{&quot;background_background&quot;:&quot;video&quot;,&quot;background_video_link&quot;:&quot;https:\\\/\\\/www.youtube.com\\\/watch?v=bYM4hr4gAG8&quot;,&quot;background_video_end&quot;:149,&quot;background_play_on_mobile&quot;:&quot;yes&quot;}\">\n\t\t\t\t\t<div class=\"e-con-inner\">\n\t\t<div class=\"elementor-background-video-container\">\n\t\t\t\t\t\t\t<div class=\"elementor-background-video-embed\" role=\"presentation\"><\/div>\n\t\t\t\t\t\t<\/div>\t\t<div class=\"elementor-element elementor-element-ee3a7e3 elementor-widget elementor-widget-heading\" data-id=\"ee3a7e3\" data-element_type=\"widget\" data-e-type=\"widget\" data-widget_type=\"heading.default\">\n\t\t\t\t<div class=\"elementor-widget-container\">\n\t\t\t\t\t<h2 class=\"elementor-heading-title elementor-size-default\">BENIDORM ENTDECKEN<\/h2>\t\t\t\t<\/div>\n\t\t\t\t<\/div>\n\t\t\t\t<div class=\"elementor-element elementor-element-8312685 elementor-widget elementor-widget-text-editor\" data-id=\"8312685\" data-element_type=\"widget\" data-e-type=\"widget\" data-widget_type=\"text-editor.default\">\n\t\t\t\t<div class=\"elementor-widget-container\">\n\t\t\t\t\t\t\t\t\t<p><span class=\"yt-core-attributed-string yt-core-attributed-string--white-space-pre-wrap\" dir=\"auto\"><span class=\"yt-core-attributed-string--link-inherit-color\" dir=\"auto\">Von der Meeresbrise bis zu den Wolkenkratzern im Himmel &#8211; Benidorm ist eine perfekte Mischung aus nat\u00fcrlicher Sch\u00f6nheit und moderner Stadtentwicklung. <\/span><\/span><\/p>\t\t\t\t\t\t\t\t<\/div>\n\t\t\t\t<\/div>\n\t\t\t\t<div class=\"elementor-element elementor-element-79854e0 elementor-widget elementor-widget-button\" data-id=\"79854e0\" data-element_type=\"widget\" data-e-type=\"widget\" data-widget_type=\"button.default\">\n\t\t\t\t<div class=\"elementor-widget-container\">\n\t\t\t\t\t\t\t\t\t<div class=\"elementor-button-wrapper\">\n\t\t\t\t\t<a class=\"elementor-button elementor-button-link elementor-size-sm\" href=\"#elementor-action%3Aaction%3Dpopup%3Aopen%26settings%3DeyJpZCI6NTQwLCJ0b2dnbGUiOmZhbHNlfQ%3D%3D\">\n\t\t\t\t\t\t<span class=\"elementor-button-content-wrapper\">\n\t\t\t\t\t\t<span class=\"elementor-button-icon\">\n\t\t\t\t<svg aria-hidden=\"true\" class=\"e-font-icon-svg e-fas-play\" viewBox=\"0 0 448 512\" xmlns=\"http:\/\/www.w3.org\/2000\/svg\"><path d=\"M424.4 214.7L72.4 6.6C43.8-10.3 0 6.1 0 47.9V464c0 37.5 40.7 60.1 72.4 41.3l352-208c31.4-18.5 31.5-64.1 0-82.6z\"><\/path><\/svg>\t\t\t<\/span>\n\t\t\t\t\t\t\t\t\t<span class=\"elementor-button-text\">VIDEO ANSEHEN<\/span>\n\t\t\t\t\t<\/span>\n\t\t\t\t\t<\/a>\n\t\t\t\t<\/div>\n\t\t\t\t\t\t\t\t<\/div>\n\t\t\t\t<\/div>\n\t\t\t\t\t<\/div>\n\t\t\t\t<\/div>\n\t\t<div class=\"elementor-element elementor-element-a8adc65 e-flex e-con-boxed e-con e-parent\" data-id=\"a8adc65\" data-element_type=\"container\" data-e-type=\"container\">\n\t\t\t\t\t<div class=\"e-con-inner\">\n\t\t<div class=\"elementor-element elementor-element-396ecde e-con-full e-flex e-con e-child\" data-id=\"396ecde\" data-element_type=\"container\" data-e-type=\"container\">\n\t\t\t\t<div class=\"elementor-element elementor-element-553df53 elementor-widget elementor-widget-heading\" data-id=\"553df53\" data-element_type=\"widget\" data-e-type=\"widget\" data-widget_type=\"heading.default\">\n\t\t\t\t<div class=\"elementor-widget-container\">\n\t\t\t\t\t<h2 class=\"elementor-heading-title elementor-size-default\">HOLIDAY FLATS<\/h2>\t\t\t\t<\/div>\n\t\t\t\t<\/div>\n\t\t\t\t<div class=\"elementor-element elementor-element-6aba9e9 elementor-widget elementor-widget-heading\" data-id=\"6aba9e9\" data-element_type=\"widget\" data-e-type=\"widget\" data-widget_type=\"heading.default\">\n\t\t\t\t<div class=\"elementor-widget-container\">\n\t\t\t\t\t<h2 class=\"elementor-heading-title elementor-size-default\">Genie\u00dfen Sie eine<br>Luxus-Erlebnis\n<\/h2>\t\t\t\t<\/div>\n\t\t\t\t<\/div>\n\t\t\t\t<div class=\"elementor-element elementor-element-739f14e elementor-widget elementor-widget-text-editor\" data-id=\"739f14e\" data-element_type=\"widget\" data-e-type=\"widget\" data-widget_type=\"text-editor.default\">\n\t\t\t\t<div class=\"elementor-widget-container\">\n\t\t\t\t\t\t\t\t\t<p>Auf der Suche nach einem unvergesslichen Urlaub in Benidorm, ist dies der Beginn Ihres Traumerlebnisses mit Luxusaufenthalten! <\/p><p>Erleben Sie den ultimativen Komfort und Stil in unserer exklusiven Wohnung. Unsere Luxuswohnungen wurden mit Blick auf Ihren maximalen Komfort und Ihre Zufriedenheit entworfen und verbinden Luxus mit moderner Funktionalit\u00e4t.  <\/p>\t\t\t\t\t\t\t\t<\/div>\n\t\t\t\t<\/div>\n\t\t\t\t<\/div>\n\t\t<div class=\"elementor-element elementor-element-90ad3c7 e-con-full e-flex e-con e-child\" data-id=\"90ad3c7\" data-element_type=\"container\" data-e-type=\"container\">\n\t\t\t\t<div class=\"elementor-element elementor-element-1534fef elementor-widget elementor-widget-image\" data-id=\"1534fef\" data-element_type=\"widget\" data-e-type=\"widget\" data-widget_type=\"image.default\">\n\t\t\t\t<div class=\"elementor-widget-container\">\n\t\t\t\t\t\t\t\t\t\t\t\t\t\t\t<img fetchpriority=\"high\" decoding=\"async\" width=\"800\" height=\"530\" src=\"https:\/\/arijaluxury.com\/wp-content\/uploads\/2024\/10\/577861248-1024x678.jpg\" class=\"attachment-large size-large wp-image-1596\" alt=\"\" srcset=\"https:\/\/arijaluxury.com\/wp-content\/uploads\/2024\/10\/577861248-1024x678.jpg 1024w, https:\/\/arijaluxury.com\/wp-content\/uploads\/2024\/10\/577861248-600x397.jpg 600w, https:\/\/arijaluxury.com\/wp-content\/uploads\/2024\/10\/577861248-300x199.jpg 300w, https:\/\/arijaluxury.com\/wp-content\/uploads\/2024\/10\/577861248-768x508.jpg 768w, https:\/\/arijaluxury.com\/wp-content\/uploads\/2024\/10\/577861248-240x160.jpg 240w, https:\/\/arijaluxury.com\/wp-content\/uploads\/2024\/10\/577861248.jpg 1280w\" sizes=\"(max-width: 800px) 100vw, 800px\" \/>\t\t\t\t\t\t\t\t\t\t\t\t\t\t\t<\/div>\n\t\t\t\t<\/div>\n\t\t\t\t<\/div>\n\t\t\t\t\t<\/div>\n\t\t\t\t<\/div>\n\t\t\t\t<\/div>\n\t\t","protected":false},"excerpt":{"rendered":"<p>ENJOY Unsere Wohnungen LUXUSWOHNUNGEN IN BENIDORM MIETEN Ein einzigartiges Urlaubserlebnis PALM Old Town I Das OASIS &#8211; PALM Old Town mit 1 Schlafzimmer befindet sich in Benidorm, 1 Minute zu Fu\u00df vom Levante-Strand und 200 Meter vom Zentrum entfernt, und bietet eine au\u00dfergew\u00f6hnliche Unterkunft. DETAILS RESERVIEREN PALM Old Town II OASIS &#8211; PALM Old Town [&hellip;]<\/p>\n","protected":false},"author":1,"featured_media":0,"parent":0,"menu_order":0,"comment_status":"closed","ping_status":"closed","template":"elementor_header_footer","meta":{"inline_featured_image":false,"footnotes":""},"class_list":["post-2255","page","type-page","status-publish","hentry"],"_links":{"self":[{"href":"https:\/\/arijaluxury.com\/de\/wp-json\/wp\/v2\/pages\/2255","targetHints":{"allow":["GET"]}}],"collection":[{"href":"https:\/\/arijaluxury.com\/de\/wp-json\/wp\/v2\/pages"}],"about":[{"href":"https:\/\/arijaluxury.com\/de\/wp-json\/wp\/v2\/types\/page"}],"author":[{"embeddable":true,"href":"https:\/\/arijaluxury.com\/de\/wp-json\/wp\/v2\/users\/1"}],"replies":[{"embeddable":true,"href":"https:\/\/arijaluxury.com\/de\/wp-json\/wp\/v2\/comments?post=2255"}],"version-history":[{"count":2,"href":"https:\/\/arijaluxury.com\/de\/wp-json\/wp\/v2\/pages\/2255\/revisions"}],"predecessor-version":[{"id":2257,"href":"https:\/\/arijaluxury.com\/de\/wp-json\/wp\/v2\/pages\/2255\/revisions\/2257"}],"wp:attachment":[{"href":"https:\/\/arijaluxury.com\/de\/wp-json\/wp\/v2\/media?parent=2255"}],"curies":[{"name":"wp","href":"https:\/\/api.w.org\/{rel}","templated":true}]}}